{"id":861,"date":"2018-04-01T11:49:35","date_gmt":"2018-04-01T11:49:35","guid":{"rendered":"https:\/\/profesionalesweb.com\/?page_id=861"},"modified":"2023-02-14T17:14:47","modified_gmt":"2023-02-14T17:14:47","slug":"aviso-legal","status":"publish","type":"page","link":"https:\/\/profesionalesweb.com\/en\/aviso-legal\/","title":{"rendered":"Aviso Legal"},"content":{"rendered":"<div  data-mk-stretch-content=\"true\" class=\"wpb_row vc_row vc_row-fluid jupiter-donut- mk-fullwidth-false  attched-false     js-master-row  mk-grid\">\n\t\t\t\t\n<div class=\"vc_col-sm-12 wpb_column column_container  jupiter-donut- _ jupiter-donut-height-full\">\n\t\t<div class=\"vc_custom_1676394882977\">\n\n<div id=\"text-block-2\" class=\"mk-text-block  jupiter-donut-\">\n\n\t\n\t<h2><strong>Aviso legal:<\/strong><\/h2>\n<p>Este Aviso legal (en adelante, \u201cel Aviso legal\u201d), junto con la Pol\u00edtica de privacidad y cookies, rige el acceso y la utilizaci\u00f3n de este sitio web (en adelante, \u201cel Sitio Web\u201d).<\/p>\n<p>El simple acceso al Sitio Web atribuye a quien lo realiza la condici\u00f3n de Usuario del Sitio Web (en adelante, \u201cel \u201cUsuario\u201d) e implica la aceptaci\u00f3n \u00edntegra de este Aviso legal. En caso de no estar de acuerdo con este Aviso legal, el Usuario debe abandonar inmediatamente el Sitio Web sin utilizarlo.<\/p>\n<p>Por medio de la aceptaci\u00f3n de este Aviso legal, el Usuario manifiesta:<\/p>\n<ul>\n<li>Que ha le\u00eddo, entiende y comprende lo aqu\u00ed expuesto.<\/li>\n<li>Que asume todas las obligaciones aqu\u00ed dispuestas.<\/li>\n<\/ul>\n<ol>\n<li><strong>Informaci\u00f3n general del Sitio Web<\/strong><\/li>\n<\/ol>\n<p>En cumplimiento de lo establecido por el art\u00edculo 10 de la Ley 34\/2002, de 11 de julio, de servicios de la sociedad de la informaci\u00f3n y de comercio electr\u00f3nico, a continuaci\u00f3n se ofrece la informaci\u00f3n general del Sitio Web:<\/p>\n<p><strong>Titular: <\/strong>ProfesionalesWeb.com.<\/p>\n<p><strong>Domicilio social: <\/strong>Calle Creta 80, No. 318, Santa Pola, Alicante<\/p>\n<p><strong>N.I.F.: <\/strong>49981573C<\/p>\n<p><strong>E-mail: <\/strong>marketing@profesionalesweb.com<\/p>\n<p><strong>Tel\u00e9fono: <\/strong>652729220<strong><br \/>\n<\/strong><\/p>\n<p><strong>Datos registrales:<\/strong><\/p>\n<ol start=\"2\">\n<li><strong>Normas de utilizaci\u00f3n del Sitio Web<\/strong><\/li>\n<\/ol>\n<p>El Usuario se obliga a utilizar el Sitio Web y todo su contenido y servicios conforme a lo establecido en la ley, la moral, el orden p\u00fablico y en este Aviso legal. Asimismo, se obliga a hacer un uso adecuado de los servicios y\/o contenidos del Sitio Web y a no emplearlos para realizar actividades il\u00edcitas o constitutivas de delito, que atenten contra los derechos de terceros o que infrinjan cualquier norma del ordenamiento jur\u00eddico aplicable.<\/p>\n<p>El Usuario se obliga a no transmitir, introducir, difundir y\/o poner a disposici\u00f3n de terceros cualquier tipo de material e informaci\u00f3n (datos, contenidos, mensajes, dibujos, archivos de sonido e imagen, fotograf\u00edas, software, etc.) que sean contrarios a la ley, la moral, el orden p\u00fablico y este Aviso legal. A t\u00edtulo enunciativo, y en ning\u00fan caso limitativo o excluyente, el Usuario se compromete a:<\/p>\n<p>I.- No introducir o difundir contenidos o propaganda de car\u00e1cter racista, xen\u00f3fobo, pornogr\u00e1fico, de apolog\u00eda del terrorismo o que atenten contra los derechos humanos.<\/p>\n<p>II.- No introducir o difundir en la red programas de datos (virus y software nocivo) susceptibles de provocar da\u00f1os en los sistemas inform\u00e1ticos del proveedor de acceso, sus proveedores o terceros Usuarios de la red Internet.<\/p>\n<p>III.- No difundir, transmitir o poner a disposici\u00f3n de terceros cualquier tipo de informaci\u00f3n, elemento o contenido que atente contra los derechos fundamentales y las libertades p\u00fablicas reconocidos constitucionalmente y en los tratados internacionales.<\/p>\n<p>IV.- No difundir, transmitir o poner a disposici\u00f3n de terceros cualquier tipo de informaci\u00f3n, elemento o contenido que constituya publicidad il\u00edcita o desleal.<\/p>\n<p>V.- No transmitir publicidad no solicitada o autorizada, material publicitario, \u00abcorreo basura\u00bb, \u00abcartas en cadena\u00bb, \u00abestructuras piramidales\u00bb, o cualquier otra forma de solicitaci\u00f3n, excepto en aquellas \u00e1reas (tales como espacios comerciales) que hayan sido exclusivamente concebidas para ello.<\/p>\n<p>VI.- No introducir o difundir cualquier informaci\u00f3n y contenidos falsos, ambiguos o inexactos de forma que induzca a error a los receptores de la informaci\u00f3n.<\/p>\n<p>VII.- No suplantar a otros Usuarios utilizando sus claves de registro para acceder a los distintos servicios y\/o contenidos del Sitio Web que lo requieran.<\/p>\n<p>VIII.- No difundir, transmitir o poner a disposici\u00f3n de terceros cualquier tipo de informaci\u00f3n, elemento o contenido que suponga una violaci\u00f3n de los derechos de propiedad intelectual e industrial, patentes, marcas o copyright que correspondan a los titulares del Sitio Web o a terceros.<\/p>\n<p>IX.- No difundir, transmitir o poner a disposici\u00f3n de terceros cualquier tipo de informaci\u00f3n, elemento o contenido que suponga una violaci\u00f3n del secreto de las comunicaciones y la legislaci\u00f3n de datos de car\u00e1cter personal.<\/p>\n<p>El Usuario se obliga a mantener completamente indemne a ProfesionalesWeb.com ante cualquier posible reclamaci\u00f3n, multa, pena o sanci\u00f3n que pueda venir obligada a soportar como consecuencia del incumplimiento por parte del Usuario de cualquiera de las normas de utilizaci\u00f3n antes indicadas, reserv\u00e1ndose ProfesionalesWeb.com, adem\u00e1s, el derecho a solicitar la indemnizaci\u00f3n por da\u00f1os y perjuicios que corresponda.<\/p>\n<ol start=\"3\">\n<li><strong>Exclusi\u00f3n de responsabilidad<\/strong><\/li>\n<\/ol>\n<p>El acceso del Usuario al Sitio Web no implica para ProfesionalesWeb.com la obligaci\u00f3n de controlar la ausencia de virus, gusanos o cualquier otro elemento inform\u00e1tico da\u00f1ino. Corresponde al Usuario, en todo caso, la disponibilidad de herramientas adecuadas para la detecci\u00f3n y desinfecci\u00f3n de programas inform\u00e1ticos da\u00f1inos.<\/p>\n<p>ProfesionalesWeb.com no se responsabiliza de los da\u00f1os producidos en el software y\/o equipos inform\u00e1ticos del Usuario o de terceros durante la utilizaci\u00f3n de los servicios ofrecidos en el Sitio Web o la navegaci\u00f3n por el mismo.<\/p>\n<p>ProfesionalesWeb.com no se responsabiliza de los da\u00f1os o perjuicios de cualquier tipo producidos en el Usuario que traigan causa de fallos o desconexiones en las redes de telecomunicaciones que produzcan la suspensi\u00f3n, cancelaci\u00f3n o interrupci\u00f3n del servicio del Sitio Web durante la prestaci\u00f3n del mismo o con car\u00e1cter previo.<\/p>\n<ol start=\"4\">\n<li><strong>Contenidos y servicios enlazados a trav\u00e9s del Sitio Web<\/strong><\/li>\n<\/ol>\n<p>El Sitio Web puede contener dispositivos t\u00e9cnicos de enlace, directorios e incluso instrumentos de b\u00fasqueda que permitan al Usuario acceder a otras p\u00e1ginas y portales de Internet (en adelante, \u201cSitios Enlazados\u201d). En estos casos, ProfesionalesWeb.com s\u00f3lo ser\u00e1 responsable de los contenidos y servicios suministrados en los Sitios Enlazados en la medida en que tenga conocimiento efectivo de su ilicitud y no haya desactivado el enlace con la diligencia debida. En el supuesto de que el Usuario considere que existe un Sitio Enlazado con contenidos il\u00edcitos o inadecuados podr\u00e1 comunicarlo a ProfesionalesWeb.com, sin que en ning\u00fan caso esta comunicaci\u00f3n suponga para ProfesionalesWeb.com la obligaci\u00f3n de retirar el correspondiente enlace.<\/p>\n<p>En ning\u00fan caso la existencia de Sitios Enlazados debe presuponer la formalizaci\u00f3n de acuerdos entre ProfesionalesWeb.com y los responsables o titulares de los mismos, ni la recomendaci\u00f3n, promoci\u00f3n o identificaci\u00f3n de ProfesionalesWeb.com con las manifestaciones, contenidos o servicios prove\u00eddos por dichos Sitios Enlazados.<\/p>\n<p>A menos que se indique expresamente lo contrario en el Sitio Web, ProfesionalesWeb.com no conoce los contenidos y servicios de los Sitios Enlazados y, por tanto, no se hace responsable de los da\u00f1os que puedan producir la ilicitud, calidad, desactualizaci\u00f3n, indisponibilidad, error e inutilidad de los contenidos y\/o servicios de los Sitios Enlazados, incluyendo cualquier otro da\u00f1o que no sea directamente imputable a ProfesionalesWeb.com.<\/p>\n<ol start=\"5\">\n<li><strong>Propiedad intelectual e industrial<\/strong><\/li>\n<\/ol>\n<p>Todos los contenidos del Sitio Web, entendiendo por \u00e9stos, a t\u00edtulo meramente enunciativo, los textos, documentos, fotograf\u00edas, gr\u00e1ficos, im\u00e1genes, iconos, tecnolog\u00eda, software, links y dem\u00e1s contenidos audiovisuales o sonoros, as\u00ed como su dise\u00f1o gr\u00e1fico y c\u00f3digo fuente, son propiedad intelectual de ProfesionalesWeb.com o de terceros, sin que puedan entenderse cedidos al Usuario ninguno de los derechos de explotaci\u00f3n reconocidos por la normativa vigente en materia de propiedad intelectual sobre los mismos.<\/p>\n<p>El Usuario manifiesta ser el \u00fanico autor de todas las fotograf\u00edas, im\u00e1genes, textos y\/o comentarios (en adelante, \u201clos Contenidos\u201d) que publique en el Sitio Web o env\u00ede a trav\u00e9s del mismo, garantizando que el uso de los mismos en el Sitio Web no infringe los derechos de ning\u00fan tercero. Sobre dichos Contenidos, el Usuario cede gratuitamente a ProfesionalesWeb.com los derechos de comunicaci\u00f3n p\u00fablica, reproducci\u00f3n, distribuci\u00f3n y transformaci\u00f3n, en todas las modalidades de explotaci\u00f3n existentes hasta la fecha de aceptaci\u00f3n de este Aviso legal. Dicha cesi\u00f3n se efect\u00faa para el \u00e1mbito territorial universal y por el tiempo correspondiente a toda la vida del Usuario y setenta a\u00f1os despu\u00e9s de su muerte o declaraci\u00f3n de fallecimiento.<\/p>\n<p>Las marcas, nombres comerciales o signos distintivos publicados en el Sitio Web son titularidad de ProfesionalesWeb.com o terceros, sin que pueda entenderse atribuido al Usuario derecho alguno sobre los mismos.<\/p>\n<ol start=\"6\">\n<li><strong>Nulidad e ineficacia de las cl\u00e1usulas<\/strong><\/li>\n<\/ol>\n<p>Si cualquier cl\u00e1usula incluida en este Aviso legal fuese declarada total o parcialmente nula o ineficaz, tal nulidad o ineficacia tan s\u00f3lo afectar\u00e1 a dicha disposici\u00f3n o a la parte de la misma que resulte nula o ineficaz, subsistiendo el Aviso legal en todo lo dem\u00e1s y consider\u00e1ndose tal disposici\u00f3n total o parcialmente por no incluida.<\/p>\n<ol start=\"7\">\n<li><strong>Legislaci\u00f3n aplicable y jurisdicci\u00f3n competente<\/strong><\/li>\n<\/ol>\n<p>Este Aviso legal se regir\u00e1 e interpretar\u00e1 conforme a la legislaci\u00f3n espa\u00f1ola. En caso de litigio entre ProfesionalesWeb.com y el Usuario, ser\u00e1n competentes los juzgados y tribunales de la ciudad de Alicante, salvo que la legislaci\u00f3n aplicable establezca forzosamente otra cosa.<\/p>\n\n\t<div class=\"clearboth\"><\/div>\n<\/div>\n\n\t<\/div>\n<\/div>\n\t<\/div>","protected":false},"excerpt":{"rendered":"Aviso legal: Este Aviso legal (en adelante, \u201cel Aviso legal\u201d), junto con la Pol\u00edtica de privacidad y cookies, rige el acceso y la utilizaci\u00f3n de este sitio web (en adelante, \u201cel Sitio Web\u201d). El simple acceso al Sitio Web atribuye a quien lo realiza la condici\u00f3n de Usuario del Sitio Web (en adelante, \u201cel \u201cUsuario\u201d) [...]","protected":false},"author":1,"featured_media":0,"parent":0,"menu_order":0,"comment_status":"closed","ping_status":"closed","template":"","meta":{"footnotes":""},"class_list":["post-861","page","type-page","status-publish","hentry"],"yoast_head":"<!-- This site is optimized with the Yoast SEO plugin v23.4 - https:\/\/yoast.com\/wordpress\/plugins\/seo\/ -->\n<title>Aviso Legal - ProfesionalesWeb.com - Dise\u00f1o de P\u00e1ginas Web Alicante y Elche, Espa\u00f1a<\/title>\n<meta name=\"robots\" content=\"index, follow, max-snippet:-1, max-image-preview:large, max-video-preview:-1\" \/>\n<link rel=\"canonical\" href=\"https:\/\/profesionalesweb.com\/en\/aviso-legal\/\" \/>\n<meta property=\"og:locale\" content=\"en_GB\" \/>\n<meta property=\"og:type\" content=\"article\" \/>\n<meta property=\"og:title\" content=\"Aviso Legal - ProfesionalesWeb.com - Dise\u00f1o de P\u00e1ginas Web Alicante y Elche, Espa\u00f1a\" \/>\n<meta property=\"og:url\" content=\"https:\/\/profesionalesweb.com\/en\/aviso-legal\/\" \/>\n<meta property=\"og:site_name\" content=\"ProfesionalesWeb.com - Dise\u00f1o de P\u00e1ginas Web Alicante y Elche, Espa\u00f1a\" \/>\n<meta property=\"article:modified_time\" content=\"2023-02-14T17:14:47+00:00\" \/>\n<meta name=\"twitter:card\" content=\"summary_large_image\" \/>\n<meta name=\"twitter:label1\" content=\"Estimated reading time\" \/>\n\t<meta name=\"twitter:data1\" content=\"6 minutes\" \/>\n<script type=\"application\/ld+json\" class=\"yoast-schema-graph\">{\"@context\":\"https:\/\/schema.org\",\"@graph\":[{\"@type\":\"WebPage\",\"@id\":\"https:\/\/profesionalesweb.com\/aviso-legal\/\",\"url\":\"https:\/\/profesionalesweb.com\/aviso-legal\/\",\"name\":\"Aviso Legal - ProfesionalesWeb.com - Dise\u00f1o de P\u00e1ginas Web Alicante y Elche, Espa\u00f1a\",\"isPartOf\":{\"@id\":\"https:\/\/profesionalesweb.com\/#website\"},\"datePublished\":\"2018-04-01T11:49:35+00:00\",\"dateModified\":\"2023-02-14T17:14:47+00:00\",\"breadcrumb\":{\"@id\":\"https:\/\/profesionalesweb.com\/aviso-legal\/#breadcrumb\"},\"inLanguage\":\"en-GB\",\"potentialAction\":[{\"@type\":\"ReadAction\",\"target\":[\"https:\/\/profesionalesweb.com\/aviso-legal\/\"]}]},{\"@type\":\"BreadcrumbList\",\"@id\":\"https:\/\/profesionalesweb.com\/aviso-legal\/#breadcrumb\",\"itemListElement\":[{\"@type\":\"ListItem\",\"position\":1,\"name\":\"Portada\",\"item\":\"https:\/\/profesionalesweb.com\/\"},{\"@type\":\"ListItem\",\"position\":2,\"name\":\"Aviso Legal\"}]},{\"@type\":\"WebSite\",\"@id\":\"https:\/\/profesionalesweb.com\/#website\",\"url\":\"https:\/\/profesionalesweb.com\/\",\"name\":\"ProfesionalesWeb.com - Dise\u00f1o de P\u00e1ginas Web Alicante y Elche, Espa\u00f1a\",\"description\":\"Dise\u00f1o de P\u00e1ginas Web en Alicante, Elche, Espa\u00f1a. Dise\u00f1o de Tiendas Online, Dise\u00f1o de Estrategias de Marketing Digital y Redes Sociales\",\"potentialAction\":[{\"@type\":\"SearchAction\",\"target\":{\"@type\":\"EntryPoint\",\"urlTemplate\":\"https:\/\/profesionalesweb.com\/?s={search_term_string}\"},\"query-input\":{\"@type\":\"PropertyValueSpecification\",\"valueRequired\":true,\"valueName\":\"search_term_string\"}}],\"inLanguage\":\"en-GB\"}]}<\/script>\n<!-- \/ Yoast SEO plugin. -->","yoast_head_json":{"title":"Aviso Legal - ProfesionalesWeb.com - Dise\u00f1o de P\u00e1ginas Web Alicante y Elche, Espa\u00f1a","robots":{"index":"index","follow":"follow","max-snippet":"max-snippet:-1","max-image-preview":"max-image-preview:large","max-video-preview":"max-video-preview:-1"},"canonical":"https:\/\/profesionalesweb.com\/en\/aviso-legal\/","og_locale":"en_GB","og_type":"article","og_title":"Aviso Legal - ProfesionalesWeb.com - Dise\u00f1o de P\u00e1ginas Web Alicante y Elche, Espa\u00f1a","og_url":"https:\/\/profesionalesweb.com\/en\/aviso-legal\/","og_site_name":"ProfesionalesWeb.com - Dise\u00f1o de P\u00e1ginas Web Alicante y Elche, Espa\u00f1a","article_modified_time":"2023-02-14T17:14:47+00:00","twitter_card":"summary_large_image","twitter_misc":{"Estimated reading time":"6 minutes"},"schema":{"@context":"https:\/\/schema.org","@graph":[{"@type":"WebPage","@id":"https:\/\/profesionalesweb.com\/aviso-legal\/","url":"https:\/\/profesionalesweb.com\/aviso-legal\/","name":"Aviso Legal - ProfesionalesWeb.com - Dise\u00f1o de P\u00e1ginas Web Alicante y Elche, Espa\u00f1a","isPartOf":{"@id":"https:\/\/profesionalesweb.com\/#website"},"datePublished":"2018-04-01T11:49:35+00:00","dateModified":"2023-02-14T17:14:47+00:00","breadcrumb":{"@id":"https:\/\/profesionalesweb.com\/aviso-legal\/#breadcrumb"},"inLanguage":"en-GB","potentialAction":[{"@type":"ReadAction","target":["https:\/\/profesionalesweb.com\/aviso-legal\/"]}]},{"@type":"BreadcrumbList","@id":"https:\/\/profesionalesweb.com\/aviso-legal\/#breadcrumb","itemListElement":[{"@type":"ListItem","position":1,"name":"Portada","item":"https:\/\/profesionalesweb.com\/"},{"@type":"ListItem","position":2,"name":"Aviso Legal"}]},{"@type":"WebSite","@id":"https:\/\/profesionalesweb.com\/#website","url":"https:\/\/profesionalesweb.com\/","name":"ProfesionalesWeb.com - Dise\u00f1o de P\u00e1ginas Web Alicante y Elche, Espa\u00f1a","description":"Dise\u00f1o de P\u00e1ginas Web en Alicante, Elche, Espa\u00f1a. Dise\u00f1o de Tiendas Online, Dise\u00f1o de Estrategias de Marketing Digital y Redes Sociales","potentialAction":[{"@type":"SearchAction","target":{"@type":"EntryPoint","urlTemplate":"https:\/\/profesionalesweb.com\/?s={search_term_string}"},"query-input":{"@type":"PropertyValueSpecification","valueRequired":true,"valueName":"search_term_string"}}],"inLanguage":"en-GB"}]}},"_links":{"self":[{"href":"https:\/\/profesionalesweb.com\/en\/wp-json\/wp\/v2\/pages\/861"}],"collection":[{"href":"https:\/\/profesionalesweb.com\/en\/wp-json\/wp\/v2\/pages"}],"about":[{"href":"https:\/\/profesionalesweb.com\/en\/wp-json\/wp\/v2\/types\/page"}],"author":[{"embeddable":true,"href":"https:\/\/profesionalesweb.com\/en\/wp-json\/wp\/v2\/users\/1"}],"replies":[{"embeddable":true,"href":"https:\/\/profesionalesweb.com\/en\/wp-json\/wp\/v2\/comments?post=861"}],"version-history":[{"count":2,"href":"https:\/\/profesionalesweb.com\/en\/wp-json\/wp\/v2\/pages\/861\/revisions"}],"predecessor-version":[{"id":1512,"href":"https:\/\/profesionalesweb.com\/en\/wp-json\/wp\/v2\/pages\/861\/revisions\/1512"}],"wp:attachment":[{"href":"https:\/\/profesionalesweb.com\/en\/wp-json\/wp\/v2\/media?parent=861"}],"curies":[{"name":"wp","href":"https:\/\/api.w.org\/{rel}","templated":true}]}}