{"id":1285,"date":"2020-06-22T16:25:10","date_gmt":"2020-06-22T16:25:10","guid":{"rendered":"https:\/\/profesionalesweb.com\/?page_id=1285"},"modified":"2020-06-22T16:49:50","modified_gmt":"2020-06-22T16:49:50","slug":"prueba","status":"publish","type":"page","link":"https:\/\/profesionalesweb.com\/en\/prueba\/","title":{"rendered":"Prueba"},"content":{"rendered":"<div  data-mk-stretch-content=\"true\" class=\"wpb_row vc_row vc_row-fluid jupiter-donut- mk-fullwidth-false  attched-false     js-master-row  mk-grid\">\n\t\t\t\t\n<div class=\"vc_col-sm-6 wpb_column column_container  jupiter-donut- _ jupiter-donut-height-full\">\n\t\n\t<div  class=\"wpb_single_image wpb_content_element vc_align_left\">\n\t\t\n\t\t<figure class=\"wpb_wrapper vc_figure\">\n\t\t\t<div class=\"vc_single_image-wrapper   vc_box_border_grey\"><img loading=\"lazy\" decoding=\"async\" width=\"300\" height=\"300\" src=\"https:\/\/profesionalesweb.com\/wp-content\/uploads\/2020\/06\/podcasting_logo-300x300.png\" class=\"vc_single_image-img attachment-medium\" alt=\"\" title=\"podcasting_logo\" srcset=\"https:\/\/profesionalesweb.com\/wp-content\/uploads\/2020\/06\/podcasting_logo-300x300.png 300w, https:\/\/profesionalesweb.com\/wp-content\/uploads\/2020\/06\/podcasting_logo-150x150.png 150w, https:\/\/profesionalesweb.com\/wp-content\/uploads\/2020\/06\/podcasting_logo-1024x1024.png 1024w\" sizes=\"(max-width: 300px) 100vw, 300px\" itemprop=\"image\" \/><\/div>\n\t\t<\/figure>\n\t<\/div>\n<\/div>\n\n<div class=\"vc_col-sm-6 wpb_column column_container  jupiter-donut- _ jupiter-donut-height-full\">\n\t\n\t<div  class=\"wpb_single_image wpb_content_element vc_align_right\">\n\t\t\n\t\t<figure class=\"wpb_wrapper vc_figure\">\n\t\t\t<div class=\"vc_single_image-wrapper   vc_box_border_grey\"><img loading=\"lazy\" decoding=\"async\" width=\"133\" height=\"78\" src=\"https:\/\/profesionalesweb.com\/wp-content\/uploads\/2020\/06\/rode_logo3.png\" class=\"vc_single_image-img attachment-full\" alt=\"\" title=\"rode_logo3\" itemprop=\"image\" \/><\/div>\n\t\t<\/figure>\n\t<\/div>\n<\/div>\n\t<\/div>\n\n<div  data-mk-full-width=\"true\" data-mk-full-width-init=\"false\" class=\"wpb_row vc_row vc_row-fluid jupiter-donut- mk-fullwidth-true  attched-false    vc_custom_1592843667572  js-master-row\">\n\t\t\t<div class=\"mk-grid\">\n\t\t\t\t\n<div class=\"vc_col-sm-8 wpb_column column_container  jupiter-donut- _ jupiter-donut-height-full\">\n\t\n<div id=\"padding-4\" class=\"mk-padding-divider jupiter-donut-  jupiter-donut-clearfix\"><\/div>\n\n\n<h2 id=\"fancy-title-5\" class=\"mk-fancy-title  simple-style jupiter-donut-  color-single\">\n\t<span>\n\t\t\t\tWhat equipment do you need?\n\t\t\t<\/span>\n<\/h2>\n<div class=\"clearboth\"><\/div>\n\n\n\n\t<div class=\"vc_custom_1592843805654\">\n\n<div id=\"text-block-6\" class=\"mk-text-block  mk-animate-element left-to-right  jupiter-donut-\">\n\n\t\n\t<p><span style=\"color: #ffffff;\">The R\u00d8DECaster Pro is one of a number of different solutions for podcasting from R\u00d8DE to suit all situations and budgets. From a single microphone to a fully integrated podcast studio, we\u2019ve got you covered.<\/span><\/p>\n\n\t<div class=\"clearboth\"><\/div>\n<\/div>\n\n\t<\/div>\n\n<div id=\"padding-7\" class=\"mk-padding-divider jupiter-donut-  jupiter-donut-clearfix\"><\/div>\n\n<\/div>\n\n<div class=\"vc_col-sm-4 wpb_column column_container  jupiter-donut- _ jupiter-donut-height-full\">\n\t<\/div>\n\t\t\t<\/div>\n\t<\/div>\n<div class=\"vc_row-full-width vc_clearfix\"><\/div>\n<div  data-mk-stretch-content=\"true\" class=\"wpb_row vc_row vc_row-fluid jupiter-donut- mk-fullwidth-false  attched-false     js-master-row  mk-grid\">\n\t\t\t\t\n<div class=\"vc_col-sm-3 wpb_column column_container  jupiter-donut- _ jupiter-donut-height-full\">\n\t\n<div id=\"padding-10\" class=\"mk-padding-divider jupiter-donut-  jupiter-donut-clearfix\"><\/div>\n\n\n\t<div  class=\"wpb_single_image wpb_content_element vc_align_left\">\n\t\t\n\t\t<figure class=\"wpb_wrapper vc_figure\">\n\t\t\t<div class=\"vc_single_image-wrapper   vc_box_border_grey\"><img loading=\"lazy\" decoding=\"async\" width=\"1000\" height=\"1000\" src=\"https:\/\/profesionalesweb.com\/wp-content\/uploads\/2020\/06\/podcasting_solution_nt_usb_mini.jpg\" class=\"vc_single_image-img attachment-full\" alt=\"\" title=\"podcasting_solution_nt_usb_mini\" srcset=\"https:\/\/profesionalesweb.com\/wp-content\/uploads\/2020\/06\/podcasting_solution_nt_usb_mini.jpg 1000w, https:\/\/profesionalesweb.com\/wp-content\/uploads\/2020\/06\/podcasting_solution_nt_usb_mini-300x300.jpg 300w, https:\/\/profesionalesweb.com\/wp-content\/uploads\/2020\/06\/podcasting_solution_nt_usb_mini-100x100.jpg 100w, https:\/\/profesionalesweb.com\/wp-content\/uploads\/2020\/06\/podcasting_solution_nt_usb_mini-600x600.jpg 600w, https:\/\/profesionalesweb.com\/wp-content\/uploads\/2020\/06\/podcasting_solution_nt_usb_mini-150x150.jpg 150w, https:\/\/profesionalesweb.com\/wp-content\/uploads\/2020\/06\/podcasting_solution_nt_usb_mini-768x768.jpg 768w, https:\/\/profesionalesweb.com\/wp-content\/uploads\/2020\/06\/podcasting_solution_nt_usb_mini-1024x1024.jpg 1024w\" sizes=\"(max-width: 1000px) 100vw, 1000px\" itemprop=\"image\" \/><\/div>\n\t\t<\/figure>\n\t<\/div>\n\t<div class=\"vc_custom_1592844589716\">\n\n<div id=\"text-block-11\" class=\"mk-text-block  mk-animate-element left-to-right  jupiter-donut-\">\n\n\t\n\t<h4><span style=\"color: #808080;\">The R\u00d8DECaster Pro<\/span><\/h4>\n<p><span style=\"color: #808080;\">The R\u00d8DECaster Pro is one of a number of different solutions for podcasting from R\u00d8DE to suit all situations and budgets. From a single microphone to a fully integrated podcast studio, we\u2019ve got you covered.<\/span><\/p>\n\n\t<div class=\"clearboth\"><\/div>\n<\/div>\n\n\t<\/div>\n<\/div>\n\n<div class=\"vc_col-sm-3 wpb_column column_container  jupiter-donut- _ jupiter-donut-height-full\">\n\t\n<div id=\"padding-13\" class=\"mk-padding-divider jupiter-donut-  jupiter-donut-clearfix\"><\/div>\n\n\n\t<div  class=\"wpb_single_image wpb_content_element vc_align_left\">\n\t\t\n\t\t<figure class=\"wpb_wrapper vc_figure\">\n\t\t\t<div class=\"vc_single_image-wrapper   vc_box_border_grey\"><img loading=\"lazy\" decoding=\"async\" width=\"1000\" height=\"1000\" src=\"https:\/\/profesionalesweb.com\/wp-content\/uploads\/2020\/06\/podcasting_solution_nt_usb_mini.jpg\" class=\"vc_single_image-img attachment-full\" alt=\"\" title=\"podcasting_solution_nt_usb_mini\" srcset=\"https:\/\/profesionalesweb.com\/wp-content\/uploads\/2020\/06\/podcasting_solution_nt_usb_mini.jpg 1000w, https:\/\/profesionalesweb.com\/wp-content\/uploads\/2020\/06\/podcasting_solution_nt_usb_mini-300x300.jpg 300w, https:\/\/profesionalesweb.com\/wp-content\/uploads\/2020\/06\/podcasting_solution_nt_usb_mini-100x100.jpg 100w, https:\/\/profesionalesweb.com\/wp-content\/uploads\/2020\/06\/podcasting_solution_nt_usb_mini-600x600.jpg 600w, https:\/\/profesionalesweb.com\/wp-content\/uploads\/2020\/06\/podcasting_solution_nt_usb_mini-150x150.jpg 150w, https:\/\/profesionalesweb.com\/wp-content\/uploads\/2020\/06\/podcasting_solution_nt_usb_mini-768x768.jpg 768w, https:\/\/profesionalesweb.com\/wp-content\/uploads\/2020\/06\/podcasting_solution_nt_usb_mini-1024x1024.jpg 1024w\" sizes=\"(max-width: 1000px) 100vw, 1000px\" itemprop=\"image\" \/><\/div>\n\t\t<\/figure>\n\t<\/div>\n\t<div class=\"vc_custom_1592844465913\">\n\n<div id=\"text-block-14\" class=\"mk-text-block  mk-animate-element left-to-right  jupiter-donut-\">\n\n\t\n\t<p><span style=\"color: #808080;\">The R\u00d8DECaster Pro is one of a number of different solutions for podcasting from R\u00d8DE to suit all situations and budgets. From a single microphone to a fully integrated podcast studio, we\u2019ve got you covered.<\/span><\/p>\n\n\t<div class=\"clearboth\"><\/div>\n<\/div>\n\n\t<\/div>\n<\/div>\n\n<div class=\"vc_col-sm-3 wpb_column column_container  jupiter-donut- _ jupiter-donut-height-full\">\n\t\n<div id=\"padding-16\" class=\"mk-padding-divider jupiter-donut-  jupiter-donut-clearfix\"><\/div>\n\n\n\t<div  class=\"wpb_single_image wpb_content_element vc_align_left\">\n\t\t\n\t\t<figure class=\"wpb_wrapper vc_figure\">\n\t\t\t<div class=\"vc_single_image-wrapper   vc_box_border_grey\"><img loading=\"lazy\" decoding=\"async\" width=\"1000\" height=\"1000\" src=\"https:\/\/profesionalesweb.com\/wp-content\/uploads\/2020\/06\/podcasting_solution_nt_usb_mini.jpg\" class=\"vc_single_image-img attachment-full\" alt=\"\" title=\"podcasting_solution_nt_usb_mini\" srcset=\"https:\/\/profesionalesweb.com\/wp-content\/uploads\/2020\/06\/podcasting_solution_nt_usb_mini.jpg 1000w, https:\/\/profesionalesweb.com\/wp-content\/uploads\/2020\/06\/podcasting_solution_nt_usb_mini-300x300.jpg 300w, https:\/\/profesionalesweb.com\/wp-content\/uploads\/2020\/06\/podcasting_solution_nt_usb_mini-100x100.jpg 100w, https:\/\/profesionalesweb.com\/wp-content\/uploads\/2020\/06\/podcasting_solution_nt_usb_mini-600x600.jpg 600w, https:\/\/profesionalesweb.com\/wp-content\/uploads\/2020\/06\/podcasting_solution_nt_usb_mini-150x150.jpg 150w, https:\/\/profesionalesweb.com\/wp-content\/uploads\/2020\/06\/podcasting_solution_nt_usb_mini-768x768.jpg 768w, https:\/\/profesionalesweb.com\/wp-content\/uploads\/2020\/06\/podcasting_solution_nt_usb_mini-1024x1024.jpg 1024w\" sizes=\"(max-width: 1000px) 100vw, 1000px\" itemprop=\"image\" \/><\/div>\n\t\t<\/figure>\n\t<\/div>\n\t<div class=\"vc_custom_1592844465913\">\n\n<div id=\"text-block-17\" class=\"mk-text-block  mk-animate-element left-to-right  jupiter-donut-\">\n\n\t\n\t<p><span style=\"color: #808080;\">The R\u00d8DECaster Pro is one of a number of different solutions for podcasting from R\u00d8DE to suit all situations and budgets. From a single microphone to a fully integrated podcast studio, we\u2019ve got you covered.<\/span><\/p>\n\n\t<div class=\"clearboth\"><\/div>\n<\/div>\n\n\t<\/div>\n<\/div>\n\n<div class=\"vc_col-sm-3 wpb_column column_container  jupiter-donut- _ jupiter-donut-height-full\">\n\t\n<div id=\"padding-19\" class=\"mk-padding-divider jupiter-donut-  jupiter-donut-clearfix\"><\/div>\n\n\n\t<div  class=\"wpb_single_image wpb_content_element vc_align_left\">\n\t\t\n\t\t<figure class=\"wpb_wrapper vc_figure\">\n\t\t\t<div class=\"vc_single_image-wrapper   vc_box_border_grey\"><img loading=\"lazy\" decoding=\"async\" width=\"1000\" height=\"1000\" src=\"https:\/\/profesionalesweb.com\/wp-content\/uploads\/2020\/06\/podcasting_solution_nt_usb_mini.jpg\" class=\"vc_single_image-img attachment-full\" alt=\"\" title=\"podcasting_solution_nt_usb_mini\" srcset=\"https:\/\/profesionalesweb.com\/wp-content\/uploads\/2020\/06\/podcasting_solution_nt_usb_mini.jpg 1000w, https:\/\/profesionalesweb.com\/wp-content\/uploads\/2020\/06\/podcasting_solution_nt_usb_mini-300x300.jpg 300w, https:\/\/profesionalesweb.com\/wp-content\/uploads\/2020\/06\/podcasting_solution_nt_usb_mini-100x100.jpg 100w, https:\/\/profesionalesweb.com\/wp-content\/uploads\/2020\/06\/podcasting_solution_nt_usb_mini-600x600.jpg 600w, https:\/\/profesionalesweb.com\/wp-content\/uploads\/2020\/06\/podcasting_solution_nt_usb_mini-150x150.jpg 150w, https:\/\/profesionalesweb.com\/wp-content\/uploads\/2020\/06\/podcasting_solution_nt_usb_mini-768x768.jpg 768w, https:\/\/profesionalesweb.com\/wp-content\/uploads\/2020\/06\/podcasting_solution_nt_usb_mini-1024x1024.jpg 1024w\" sizes=\"(max-width: 1000px) 100vw, 1000px\" itemprop=\"image\" \/><\/div>\n\t\t<\/figure>\n\t<\/div>\n\t<div class=\"vc_custom_1592844465913\">\n\n<div id=\"text-block-20\" class=\"mk-text-block  mk-animate-element left-to-right  jupiter-donut-\">\n\n\t\n\t<p><span style=\"color: #808080;\">The R\u00d8DECaster Pro is one of a number of different solutions for podcasting from R\u00d8DE to suit all situations and budgets. From a single microphone to a fully integrated podcast studio, we\u2019ve got you covered.<\/span><\/p>\n\n\t<div class=\"clearboth\"><\/div>\n<\/div>\n\n\t<\/div>\n<\/div>\n\t<\/div>","protected":false},"excerpt":{"rendered":"What equipment do you need? The R\u00d8DECaster Pro is one of a number of different solutions for podcasting from R\u00d8DE to suit all situations and budgets. From a single microphone to a fully integrated podcast studio, we\u2019ve got you covered. The R\u00d8DECaster Pro The R\u00d8DECaster Pro is one of a number of different solutions for [...]","protected":false},"author":1,"featured_media":0,"parent":0,"menu_order":0,"comment_status":"closed","ping_status":"closed","template":"","meta":{"footnotes":""},"class_list":["post-1285","page","type-page","status-publish","hentry"],"yoast_head":"<!-- This site is optimized with the Yoast SEO plugin v23.4 - https:\/\/yoast.com\/wordpress\/plugins\/seo\/ -->\n<title>Prueba - ProfesionalesWeb.com - Dise\u00f1o de P\u00e1ginas Web Alicante y Elche, Espa\u00f1a<\/title>\n<meta name=\"robots\" content=\"index, follow, max-snippet:-1, max-image-preview:large, max-video-preview:-1\" \/>\n<link rel=\"canonical\" href=\"https:\/\/profesionalesweb.com\/en\/prueba\/\" \/>\n<meta property=\"og:locale\" content=\"en_GB\" \/>\n<meta property=\"og:type\" content=\"article\" \/>\n<meta property=\"og:title\" content=\"Prueba - ProfesionalesWeb.com - Dise\u00f1o de P\u00e1ginas Web Alicante y Elche, Espa\u00f1a\" \/>\n<meta property=\"og:url\" content=\"https:\/\/profesionalesweb.com\/en\/prueba\/\" \/>\n<meta property=\"og:site_name\" content=\"ProfesionalesWeb.com - Dise\u00f1o de P\u00e1ginas Web Alicante y Elche, Espa\u00f1a\" \/>\n<meta property=\"article:modified_time\" content=\"2020-06-22T16:49:50+00:00\" \/>\n<meta name=\"twitter:card\" content=\"summary_large_image\" \/>\n<meta name=\"twitter:label1\" content=\"Estimated reading time\" \/>\n\t<meta name=\"twitter:data1\" content=\"2 minutes\" \/>\n<script type=\"application\/ld+json\" class=\"yoast-schema-graph\">{\"@context\":\"https:\/\/schema.org\",\"@graph\":[{\"@type\":\"WebPage\",\"@id\":\"https:\/\/profesionalesweb.com\/prueba\/\",\"url\":\"https:\/\/profesionalesweb.com\/prueba\/\",\"name\":\"Prueba - ProfesionalesWeb.com - Dise\u00f1o de P\u00e1ginas Web Alicante y Elche, Espa\u00f1a\",\"isPartOf\":{\"@id\":\"https:\/\/profesionalesweb.com\/#website\"},\"datePublished\":\"2020-06-22T16:25:10+00:00\",\"dateModified\":\"2020-06-22T16:49:50+00:00\",\"breadcrumb\":{\"@id\":\"https:\/\/profesionalesweb.com\/prueba\/#breadcrumb\"},\"inLanguage\":\"en-GB\",\"potentialAction\":[{\"@type\":\"ReadAction\",\"target\":[\"https:\/\/profesionalesweb.com\/prueba\/\"]}]},{\"@type\":\"BreadcrumbList\",\"@id\":\"https:\/\/profesionalesweb.com\/prueba\/#breadcrumb\",\"itemListElement\":[{\"@type\":\"ListItem\",\"position\":1,\"name\":\"Portada\",\"item\":\"https:\/\/profesionalesweb.com\/\"},{\"@type\":\"ListItem\",\"position\":2,\"name\":\"Prueba\"}]},{\"@type\":\"WebSite\",\"@id\":\"https:\/\/profesionalesweb.com\/#website\",\"url\":\"https:\/\/profesionalesweb.com\/\",\"name\":\"ProfesionalesWeb.com - Dise\u00f1o de P\u00e1ginas Web Alicante y Elche, Espa\u00f1a\",\"description\":\"Dise\u00f1o de P\u00e1ginas Web en Alicante, Elche, Espa\u00f1a. Dise\u00f1o de Tiendas Online, Dise\u00f1o de Estrategias de Marketing Digital y Redes Sociales\",\"potentialAction\":[{\"@type\":\"SearchAction\",\"target\":{\"@type\":\"EntryPoint\",\"urlTemplate\":\"https:\/\/profesionalesweb.com\/?s={search_term_string}\"},\"query-input\":{\"@type\":\"PropertyValueSpecification\",\"valueRequired\":true,\"valueName\":\"search_term_string\"}}],\"inLanguage\":\"en-GB\"}]}<\/script>\n<!-- \/ Yoast SEO plugin. -->","yoast_head_json":{"title":"Prueba - ProfesionalesWeb.com - Dise\u00f1o de P\u00e1ginas Web Alicante y Elche, Espa\u00f1a","robots":{"index":"index","follow":"follow","max-snippet":"max-snippet:-1","max-image-preview":"max-image-preview:large","max-video-preview":"max-video-preview:-1"},"canonical":"https:\/\/profesionalesweb.com\/en\/prueba\/","og_locale":"en_GB","og_type":"article","og_title":"Prueba - ProfesionalesWeb.com - Dise\u00f1o de P\u00e1ginas Web Alicante y Elche, Espa\u00f1a","og_url":"https:\/\/profesionalesweb.com\/en\/prueba\/","og_site_name":"ProfesionalesWeb.com - Dise\u00f1o de P\u00e1ginas Web Alicante y Elche, Espa\u00f1a","article_modified_time":"2020-06-22T16:49:50+00:00","twitter_card":"summary_large_image","twitter_misc":{"Estimated reading time":"2 minutes"},"schema":{"@context":"https:\/\/schema.org","@graph":[{"@type":"WebPage","@id":"https:\/\/profesionalesweb.com\/prueba\/","url":"https:\/\/profesionalesweb.com\/prueba\/","name":"Prueba - ProfesionalesWeb.com - Dise\u00f1o de P\u00e1ginas Web Alicante y Elche, Espa\u00f1a","isPartOf":{"@id":"https:\/\/profesionalesweb.com\/#website"},"datePublished":"2020-06-22T16:25:10+00:00","dateModified":"2020-06-22T16:49:50+00:00","breadcrumb":{"@id":"https:\/\/profesionalesweb.com\/prueba\/#breadcrumb"},"inLanguage":"en-GB","potentialAction":[{"@type":"ReadAction","target":["https:\/\/profesionalesweb.com\/prueba\/"]}]},{"@type":"BreadcrumbList","@id":"https:\/\/profesionalesweb.com\/prueba\/#breadcrumb","itemListElement":[{"@type":"ListItem","position":1,"name":"Portada","item":"https:\/\/profesionalesweb.com\/"},{"@type":"ListItem","position":2,"name":"Prueba"}]},{"@type":"WebSite","@id":"https:\/\/profesionalesweb.com\/#website","url":"https:\/\/profesionalesweb.com\/","name":"ProfesionalesWeb.com - Dise\u00f1o de P\u00e1ginas Web Alicante y Elche, Espa\u00f1a","description":"Dise\u00f1o de P\u00e1ginas Web en Alicante, Elche, Espa\u00f1a. Dise\u00f1o de Tiendas Online, Dise\u00f1o de Estrategias de Marketing Digital y Redes Sociales","potentialAction":[{"@type":"SearchAction","target":{"@type":"EntryPoint","urlTemplate":"https:\/\/profesionalesweb.com\/?s={search_term_string}"},"query-input":{"@type":"PropertyValueSpecification","valueRequired":true,"valueName":"search_term_string"}}],"inLanguage":"en-GB"}]}},"_links":{"self":[{"href":"https:\/\/profesionalesweb.com\/en\/wp-json\/wp\/v2\/pages\/1285"}],"collection":[{"href":"https:\/\/profesionalesweb.com\/en\/wp-json\/wp\/v2\/pages"}],"about":[{"href":"https:\/\/profesionalesweb.com\/en\/wp-json\/wp\/v2\/types\/page"}],"author":[{"embeddable":true,"href":"https:\/\/profesionalesweb.com\/en\/wp-json\/wp\/v2\/users\/1"}],"replies":[{"embeddable":true,"href":"https:\/\/profesionalesweb.com\/en\/wp-json\/wp\/v2\/comments?post=1285"}],"version-history":[{"count":24,"href":"https:\/\/profesionalesweb.com\/en\/wp-json\/wp\/v2\/pages\/1285\/revisions"}],"predecessor-version":[{"id":1314,"href":"https:\/\/profesionalesweb.com\/en\/wp-json\/wp\/v2\/pages\/1285\/revisions\/1314"}],"wp:attachment":[{"href":"https:\/\/profesionalesweb.com\/en\/wp-json\/wp\/v2\/media?parent=1285"}],"curies":[{"name":"wp","href":"https:\/\/api.w.org\/{rel}","templated":true}]}}